{"id":3382,"date":"2019-11-26T10:16:23","date_gmt":"2019-11-26T10:16:23","guid":{"rendered":"https:\/\/hotel-alp-bovec.com\/ristorante\/"},"modified":"2025-08-13T14:08:46","modified_gmt":"2025-08-13T12:08:46","slug":"ristorante","status":"publish","type":"page","link":"https:\/\/hotel-alp-bovec.com\/it\/ristorante\/","title":{"rendered":"Ristorante"},"content":{"rendered":"<p>[et_pb_section fb_built=&#8221;1&#8243; fullwidth=&#8221;on&#8221; _builder_version=&#8221;4.16&#8243; global_colors_info=&#8221;{}&#8221;][et_pb_fullwidth_header title=&#8221;RISTORANTE&#8221; subhead=&#8221;U\u017eivajte v dobri hrani in dobri dru\u017ebi v Alp hotelu v Bovcu.&#8221; background_overlay_color=&#8221;rgba(0,0,0,0.5)&#8221; scroll_down_icon_size_tablet=&#8221;50&#8243; admin_label=&#8221;Hotel ALP Fullwidth Header&#8221; _builder_version=&#8221;4.16&#8243; title_font=&#8221;|on|||&#8221; title_font_size=&#8221;46px&#8221; background_color=&#8221;rgba(255,255,255,0)&#8221; background_image=&#8221;https:\/\/hotel-alp-bovec.com\/wp-content\/uploads\/2019\/03\/2018_09_01_BovecMangartAlp-60.jpg&#8221; background_position=&#8221;bottom_center&#8221; subhead_font_size_tablet=&#8221;51&#8243; button_one_text_size_tablet=&#8221;1&#8243; button_one_letter_spacing_tablet=&#8221;0&#8243; button_two_text_size_tablet=&#8221;1&#8243; button_two_letter_spacing_tablet=&#8221;0&#8243; global_colors_info=&#8221;{}&#8221; button_one_text_size__hover_enabled=&#8221;off&#8221; button_two_text_size__hover_enabled=&#8221;off&#8221; button_one_text_color__hover_enabled=&#8221;off&#8221; button_two_text_color__hover_enabled=&#8221;off&#8221; button_one_border_width__hover_enabled=&#8221;off&#8221; button_two_border_width__hover_enabled=&#8221;off&#8221; button_one_border_color__hover_enabled=&#8221;off&#8221; button_two_border_color__hover_enabled=&#8221;off&#8221; button_one_border_radius__hover_enabled=&#8221;off&#8221; button_two_border_radius__hover_enabled=&#8221;off&#8221; button_one_letter_spacing__hover_enabled=&#8221;off&#8221; button_two_letter_spacing__hover_enabled=&#8221;off&#8221; button_one_bg_color__hover_enabled=&#8221;off&#8221; button_two_bg_color__hover_enabled=&#8221;off&#8221;][\/et_pb_fullwidth_header][\/et_pb_section][et_pb_section fb_built=&#8221;1&#8243; _builder_version=&#8221;4.16&#8243; background_color=&#8221;#f2f2f2&#8243; global_colors_info=&#8221;{}&#8221;][et_pb_row column_structure=&#8221;1_2,1_2&#8243; _builder_version=&#8221;4.16&#8243; custom_margin=&#8221;||-50px|&#8221; global_colors_info=&#8221;{}&#8221;][et_pb_column type=&#8221;1_2&#8243; _builder_version=&#8221;4.16&#8243; background_position=&#8221;top_left&#8221; custom_padding=&#8221;|||&#8221; global_colors_info=&#8221;{}&#8221; custom_padding__hover=&#8221;|||&#8221;][et_pb_slider _builder_version=&#8221;4.16&#8243; background_image=&#8221;https:\/\/hotel-alp-bovec.com\/wp-content\/uploads\/2019\/03\/2018_09_01_BovecMangartAlp-60.jpg&#8221; custom_margin=&#8221;||&#8221; custom_padding=&#8221;150px||150px&#8221; global_colors_info=&#8221;{}&#8221;][et_pb_slide _builder_version=&#8221;4.16&#8243; global_colors_info=&#8221;{}&#8221; sticky_transition=&#8221;on&#8221;][\/et_pb_slide][et_pb_slide _builder_version=&#8221;4.16&#8243; background_image=&#8221;https:\/\/hotel-alp-bovec.com\/wp-content\/uploads\/2019\/03\/2009_04-4612-breakfast.jpg&#8221; global_colors_info=&#8221;{}&#8221; sticky_transition=&#8221;on&#8221;][\/et_pb_slide][et_pb_slide _builder_version=&#8221;4.16&#8243; background_image=&#8221;https:\/\/hotel-alp-bovec.com\/wp-content\/uploads\/2017\/08\/David-Stulc-Zornik-Alp-hotel-Bovec-10-2.jpg&#8221; global_colors_info=&#8221;{}&#8221; sticky_transition=&#8221;on&#8221;][\/et_pb_slide][et_pb_slide _builder_version=&#8221;4.16&#8243; background_image=&#8221;https:\/\/hotel-alp-bovec.com\/wp-content\/uploads\/2017\/08\/David-Stulc-Zornik-Alp-hotel-Bovec-19.jpg&#8221; global_colors_info=&#8221;{}&#8221; sticky_transition=&#8221;on&#8221;][\/et_pb_slide][\/et_pb_slider][\/et_pb_column][et_pb_column type=&#8221;1_2&#8243; _builder_version=&#8221;4.16&#8243; custom_padding=&#8221;|||&#8221; global_colors_info=&#8221;{}&#8221; custom_padding__hover=&#8221;|||&#8221;][et_pb_text admin_label=&#8221;Details (Light)&#8221; _builder_version=&#8221;4.16&#8243; text_font=&#8221;||||||||&#8221; text_font_size=&#8221;16px&#8221; module_alignment=&#8221;center&#8221; global_colors_info=&#8221;{}&#8221;]<\/p>\n<p>Lasciatevi trasportare dal piacere con dell\u2019ottimo cibo e con la buona compagnia dell\u2019Alp hotel di Bovec. E\u2019 una nostra priorit\u00e0 avvicinare gli ospiti alla cucina locale. Nella nostra offerta di mezza pensione potrete gustare delle migliori pietanze locali, arricchite dalla cucina tradizionale italiana e dal nobile tocco casalingo dei nostri cuochi e delle nostre cuoche. L\u2019offerta del nostro ristorante comprende sia il servizio self-service che un\u2019ampia scelta nel men\u00f9 del servizio \u00e0 la carte. Venite a viziare il vostro palato insieme a noi!<\/p>\n<p><strong>Prima Colazione:<\/strong> dalle 7h alle 10h<br \/><strong>Cena:<\/strong> dalle 19h alle 20.30h<\/p>\n<p>[\/et_pb_text][\/et_pb_column][\/et_pb_row][\/et_pb_section][et_pb_section fb_built=&#8221;1&#8243; _builder_version=&#8221;4.16&#8243; background_color=&#8221;#f2f2f2&#8243; global_colors_info=&#8221;{}&#8221;][et_pb_row disabled_on=&#8221;on|on|on&#8221; _builder_version=&#8221;4.16&#8243; background_size=&#8221;initial&#8221; background_position=&#8221;top_left&#8221; background_repeat=&#8221;repeat&#8221; disabled=&#8221;on&#8221; global_colors_info=&#8221;{}&#8221;][et_pb_column type=&#8221;4_4&#8243; _builder_version=&#8221;4.16&#8243; custom_padding=&#8221;|||&#8221; global_colors_info=&#8221;{}&#8221; custom_padding__hover=&#8221;|||&#8221;][et_pb_text admin_label=&#8221;Dining Menu Heading &#8211; BREAKFAST &#038; BEVERAGES&#8221; module_class=&#8221;dining-menu-heading&#8221; _builder_version=&#8221;4.16&#8243; text_font=&#8221;Playfair Display|on||on|&#8221; text_text_color=&#8221;#303030&#8243; text_font_size=&#8221;36&#8243; module_alignment=&#8221;left&#8221; custom_margin=&#8221;||-1px|&#8221; custom_margin_tablet=&#8221;||20px|&#8221; custom_margin_phone=&#8221;&#8221; custom_margin_last_edited=&#8221;on|phone&#8221; text_font_size_tablet=&#8221;51&#8243; text_line_height_tablet=&#8221;1em&#8221; text_line_height_phone=&#8221;&#8221; text_line_height_last_edited=&#8221;on|phone&#8221; header_font_size_tablet=&#8221;51&#8243; header_line_height_tablet=&#8221;2&#8243; global_colors_info=&#8221;{}&#8221;]<\/p>\n<p>PRIMA COLAZIONE<\/p>\n<p>[\/et_pb_text][et_pb_divider color=&#8221;#d8b570&#8243; divider_position=&#8221;center&#8221; divider_weight=&#8221;2px&#8221; disabled_on=&#8221;on|on|off&#8221; _builder_version=&#8221;4.16&#8243; global_colors_info=&#8221;{}&#8221;][\/et_pb_divider][et_pb_blog_extras posts_number=&#8221;6&#8243; post_order=&#8221;ASC&#8221; include_categories=&#8221;3&#8243; blog_layout=&#8221;block_extended&#8221; image_position=&#8221;alternate&#8221; show_content=&#8221;on&#8221; show_author=&#8221;off&#8221; show_date=&#8221;off&#8221; show_categories=&#8221;off&#8221; show_comments=&#8221;off&#8221; show_load_more=&#8221;on&#8221; load_more_text=&#8221;MORE BREAKFAST ITEMS&#8221; show_less_text=&#8221;SHOW LESS&#8221; module_class=&#8221;dining-post-grid&#8221; _builder_version=&#8221;4.16&#8243; header_font=&#8221;|on|||&#8221; header_font_size=&#8221;24&#8243; global_colors_info=&#8221;{}&#8221;][\/et_pb_blog_extras][\/et_pb_column][\/et_pb_row][et_pb_row column_structure=&#8221;1_3,1_3,1_3&#8243; disabled_on=&#8221;off|off|off&#8221; _builder_version=&#8221;4.16&#8243; background_size=&#8221;initial&#8221; background_position=&#8221;top_left&#8221; background_repeat=&#8221;repeat&#8221; global_colors_info=&#8221;{}&#8221;][et_pb_column type=&#8221;1_3&#8243; _builder_version=&#8221;4.16&#8243; custom_padding=&#8221;|||&#8221; global_colors_info=&#8221;{}&#8221; custom_padding__hover=&#8221;|||&#8221;][et_pb_text admin_label=&#8221;Dining Menu Heading &#8211; DINNER &#038; WINE LIST&#8221; module_class=&#8221;dining-menu-heading&#8221; _builder_version=&#8221;4.16&#8243; text_font=&#8221;Playfair Display|on||on|&#8221; text_text_color=&#8221;#303030&#8243; text_font_size=&#8221;36&#8243; custom_margin=&#8221;||-1px|&#8221; custom_margin_tablet=&#8221;||20px|&#8221; custom_margin_phone=&#8221;&#8221; custom_margin_last_edited=&#8221;on|phone&#8221; text_font_size_tablet=&#8221;51&#8243; text_line_height_tablet=&#8221;1em&#8221; text_line_height_phone=&#8221;&#8221; text_line_height_last_edited=&#8221;on|phone&#8221; header_font_size_tablet=&#8221;51&#8243; header_line_height_tablet=&#8221;2&#8243; global_colors_info=&#8221;{}&#8221;]<\/p>\n<p>PRIMA COLAZIONE<\/p>\n<p>[\/et_pb_text][et_pb_divider color=&#8221;#d8b570&#8243; divider_position=&#8221;center&#8221; divider_weight=&#8221;2px&#8221; disabled_on=&#8221;on|on|off&#8221; _builder_version=&#8221;4.16&#8243; global_colors_info=&#8221;{}&#8221;][\/et_pb_divider][et_pb_text _builder_version=&#8221;4.16&#8243; global_colors_info=&#8221;{}&#8221;]<\/p>\n<p>La prima colazione \u00e8 inclusa nel prezzo di tutte le camere. Sar\u00e0 per noi un piacere offrire il primo pasto giornaliero anche ai visitatori esterni che potranno piacevolmente gustarlo nella nostra splendida area di ristoro, il tutto nella pi\u00f9 totale serenit\u00e0.<\/p>\n<p>[\/et_pb_text][\/et_pb_column][et_pb_column type=&#8221;1_3&#8243; _builder_version=&#8221;4.16&#8243; custom_padding=&#8221;|||&#8221; global_colors_info=&#8221;{}&#8221; custom_padding__hover=&#8221;|||&#8221;][et_pb_text admin_label=&#8221;Dining Menu Heading &#8211; DINNER &#038; WINE LIST&#8221; module_class=&#8221;dining-menu-heading&#8221; _builder_version=&#8221;4.16&#8243; text_font=&#8221;Playfair Display|on||on|&#8221; text_text_color=&#8221;#303030&#8243; text_font_size=&#8221;36&#8243; custom_margin=&#8221;||-1px|&#8221; custom_margin_tablet=&#8221;||20px|&#8221; custom_margin_phone=&#8221;&#8221; custom_margin_last_edited=&#8221;on|phone&#8221; text_font_size_tablet=&#8221;51&#8243; text_line_height_tablet=&#8221;1em&#8221; text_line_height_phone=&#8221;&#8221; text_line_height_last_edited=&#8221;on|phone&#8221; header_font_size_tablet=&#8221;51&#8243; header_line_height_tablet=&#8221;2&#8243; global_colors_info=&#8221;{}&#8221;]<\/p>\n<p>CENA<\/p>\n<p>[\/et_pb_text][et_pb_divider color=&#8221;#d8b570&#8243; divider_position=&#8221;center&#8221; divider_weight=&#8221;2px&#8221; disabled_on=&#8221;on|on|off&#8221; _builder_version=&#8221;4.16&#8243; global_colors_info=&#8221;{}&#8221;][\/et_pb_divider][et_pb_text _builder_version=&#8221;4.16&#8243; global_colors_info=&#8221;{}&#8221;]<\/p>\n<p>Con l&#8217;offerta di mezza pensione verrete piacevolmente viziati dalla nostra cucina. Proponiamo una vasta scelta di piatti locali di Bovec e diversi piatti sloveni arricchiti dalla cucina tradizionale italiana. Per gruppi di persone pi\u00f9 ampi saremo felici di servire anche dei piatti aggiuntivi a misura di tutti.<\/p>\n<p>[\/et_pb_text][\/et_pb_column][et_pb_column type=&#8221;1_3&#8243; _builder_version=&#8221;4.16&#8243; custom_padding=&#8221;|||&#8221; global_colors_info=&#8221;{}&#8221; custom_padding__hover=&#8221;|||&#8221;][et_pb_text admin_label=&#8221;Dining Menu Heading &#8211; DINNER &#038; WINE LIST&#8221; module_class=&#8221;dining-menu-heading&#8221; _builder_version=&#8221;4.16&#8243; text_font=&#8221;Playfair Display|on||on|&#8221; text_text_color=&#8221;#303030&#8243; text_font_size=&#8221;36&#8243; header_3_font_size=&#8221;26px&#8221; custom_margin=&#8221;||-1px|&#8221; custom_margin_tablet=&#8221;||20px|&#8221; custom_margin_phone=&#8221;&#8221; custom_margin_last_edited=&#8221;on|phone&#8221; text_font_size_tablet=&#8221;51&#8243; text_line_height_tablet=&#8221;1em&#8221; text_line_height_phone=&#8221;&#8221; text_line_height_last_edited=&#8221;on|phone&#8221; header_font_size_tablet=&#8221;51&#8243; header_line_height_tablet=&#8221;2&#8243; global_colors_info=&#8221;{}&#8221;]<\/p>\n<p>A LA CARTE<\/p>\n<p>[\/et_pb_text][et_pb_divider color=&#8221;#d8b570&#8243; divider_position=&#8221;center&#8221; divider_weight=&#8221;2px&#8221; disabled_on=&#8221;on|on|off&#8221; _builder_version=&#8221;4.16&#8243; global_colors_info=&#8221;{}&#8221;][\/et_pb_divider][et_pb_text _builder_version=&#8221;4.27.4&#8243; hover_enabled=&#8221;0&#8243; global_colors_info=&#8221;{}&#8221; sticky_enabled=&#8221;0&#8243;]<\/p>\n<p>Siete con piacere invitati a scoprire la nostra offerta A la carte. La qualit\u00e0 dei piatti \u00e8 all&#8217;ordine del giorno e auspichiamo a proporvi la vostra migliore esperienza culinaria in citt\u00e0.\u00a0<\/p>\n<p>[\/et_pb_text][\/et_pb_column][\/et_pb_row][et_pb_row disabled_on=&#8221;off|off|off&#8221; _builder_version=&#8221;4.16&#8243; background_size=&#8221;initial&#8221; background_position=&#8221;top_left&#8221; background_repeat=&#8221;repeat&#8221; global_colors_info=&#8221;{}&#8221;][et_pb_column type=&#8221;4_4&#8243; _builder_version=&#8221;4.16&#8243; custom_padding=&#8221;|||&#8221; global_colors_info=&#8221;{}&#8221; custom_padding__hover=&#8221;|||&#8221;][et_pb_text admin_label=&#8221;Dining Menu Heading &#8211; BREAKFAST &#038; BEVERAGES&#8221; module_class=&#8221;dining-menu-heading&#8221; _builder_version=&#8221;4.27.4&#8243; text_font=&#8221;Playfair Display|on||on|&#8221; text_text_color=&#8221;#303030&#8243; text_font_size=&#8221;36&#8243; module_alignment=&#8221;left&#8221; custom_margin=&#8221;||-1px|&#8221; custom_margin_tablet=&#8221;||20px|&#8221; custom_margin_phone=&#8221;&#8221; custom_margin_last_edited=&#8221;on|phone&#8221; hover_enabled=&#8221;0&#8243; text_font_size_tablet=&#8221;51&#8243; text_line_height_tablet=&#8221;1em&#8221; text_line_height_phone=&#8221;&#8221; text_line_height_last_edited=&#8221;on|phone&#8221; header_font_size_tablet=&#8221;51&#8243; header_line_height_tablet=&#8221;2&#8243; global_colors_info=&#8221;{}&#8221; sticky_enabled=&#8221;0&#8243;]<\/p>\n<p>TERRAZZA ESTIVA<\/p>\n<p>[\/et_pb_text][et_pb_divider color=&#8221;#d8b570&#8243; divider_position=&#8221;center&#8221; divider_weight=&#8221;2px&#8221; disabled_on=&#8221;on|on|off&#8221; _builder_version=&#8221;4.16&#8243; global_colors_info=&#8221;{}&#8221;][\/et_pb_divider][\/et_pb_column][\/et_pb_row][et_pb_row column_structure=&#8221;1_2,1_2&#8243; _builder_version=&#8221;4.16&#8243; custom_margin=&#8221;||-50px|&#8221; global_colors_info=&#8221;{}&#8221;][et_pb_column type=&#8221;1_2&#8243; _builder_version=&#8221;4.16&#8243; background_position=&#8221;top_left&#8221; custom_padding=&#8221;|||&#8221; global_colors_info=&#8221;{}&#8221; custom_padding__hover=&#8221;|||&#8221;][et_pb_slider _builder_version=&#8221;4.27.4&#8243; background_image=&#8221;https:\/\/hotel-alp-bovec.com\/wp-content\/uploads\/2019\/03\/2018_09_01_BovecMangartAlp-60.jpg&#8221; custom_margin=&#8221;||&#8221; custom_padding=&#8221;150px||150px&#8221; hover_enabled=&#8221;0&#8243; global_colors_info=&#8221;{}&#8221; sticky_enabled=&#8221;0&#8243;][et_pb_slide _builder_version=&#8221;4.27.4&#8243; hover_enabled=&#8221;0&#8243; global_colors_info=&#8221;{}&#8221; sticky_transition=&#8221;on&#8221; title_text=&#8221;Letna terasa 3&#8243; background_image=&#8221;https:\/\/hotel-alp-bovec.com\/wp-content\/uploads\/2025\/08\/Letna-terasa-3.jpg&#8221; background_enable_image=&#8221;on&#8221; sticky_enabled=&#8221;0&#8243;][\/et_pb_slide][et_pb_slide _builder_version=&#8221;4.27.4&#8243; _module_preset=&#8221;default&#8221; title_text=&#8221;Letna terasa&#8221; background_image=&#8221;https:\/\/hotel-alp-bovec.com\/wp-content\/uploads\/2025\/08\/Letna-terasa.jpg&#8221; background_enable_image=&#8221;on&#8221; hover_enabled=&#8221;0&#8243; sticky_enabled=&#8221;0&#8243;][\/et_pb_slide][et_pb_slide _builder_version=&#8221;4.27.4&#8243; _module_preset=&#8221;default&#8221; title_text=&#8221;Letna terasa 2&#8243; background_image=&#8221;https:\/\/hotel-alp-bovec.com\/wp-content\/uploads\/2025\/08\/Letna-terasa-2.jpg&#8221; background_enable_image=&#8221;on&#8221; hover_enabled=&#8221;0&#8243; sticky_enabled=&#8221;0&#8243;][\/et_pb_slide][\/et_pb_slider][\/et_pb_column][et_pb_column type=&#8221;1_2&#8243; _builder_version=&#8221;4.16&#8243; custom_padding=&#8221;|||&#8221; global_colors_info=&#8221;{}&#8221; custom_padding__hover=&#8221;|||&#8221;][et_pb_text admin_label=&#8221;Details (Light)&#8221; _builder_version=&#8221;4.27.4&#8243; text_font=&#8221;||||||||&#8221; text_font_size=&#8221;16px&#8221; module_alignment=&#8221;center&#8221; hover_enabled=&#8221;0&#8243; global_colors_info=&#8221;{}&#8221; sticky_enabled=&#8221;0&#8243;]<\/p>\n<p>Rilassatevi sul nostro terrazzo nel piacevole ambiente con vista sulle montagne e sul centro cittadino. Lasciatevi trasportare da sensazioni paradisiache che meritate durante le vostre vacanze.<\/p>\n<p>[\/et_pb_text][\/et_pb_column][\/et_pb_row][\/et_pb_section][et_pb_section fb_built=&#8221;1&#8243; _builder_version=&#8221;4.16&#8243; background_color=&#8221;#d8b570&#8243; custom_padding=&#8221;0px|0px|0px|0px&#8221; global_colors_info=&#8221;{}&#8221;][et_pb_row module_class=&#8221; et_pb_row_fullwidth&#8221; _builder_version=&#8221;4.16&#8243; width=&#8221;89%&#8221; width_tablet=&#8221;80%&#8221; width_phone=&#8221;&#8221; width_last_edited=&#8221;on|desktop&#8221; max_width=&#8221;89%&#8221; max_width_tablet=&#8221;80%&#8221; max_width_phone=&#8221;&#8221; max_width_last_edited=&#8221;on|desktop&#8221; make_fullwidth=&#8221;on&#8221; global_colors_info=&#8221;{}&#8221;][et_pb_column type=&#8221;4_4&#8243; _builder_version=&#8221;4.16&#8243; background_position=&#8221;top_left&#8221; custom_padding=&#8221;|||&#8221; global_colors_info=&#8221;{}&#8221; custom_padding__hover=&#8221;|||&#8221;][et_pb_text admin_label=&#8221;Dining Notice to Guests&#8221; _builder_version=&#8221;4.16&#8243; text_font=&#8221;|on|on||&#8221; text_orientation=&#8221;center&#8221; background_layout=&#8221;dark&#8221; module_alignment=&#8221;center&#8221; text_font_size_tablet=&#8221;51&#8243; text_line_height_tablet=&#8221;2&#8243; header_font_size_tablet=&#8221;51&#8243; header_line_height_tablet=&#8221;2&#8243; global_colors_info=&#8221;{}&#8221;]Si prega di chiamare prima dell&#8217;arrivo per i dettagli o di farci sapere sui requisiti dietetici. Tel.: +386 5 388 40 03[\/et_pb_text][\/et_pb_column][\/et_pb_row][\/et_pb_section][et_pb_section fb_built=&#8221;1&#8243; _builder_version=&#8221;4.16&#8243; background_color=&#8221;rgba(23,23,32,0.7)&#8221; background_image=&#8221;https:\/\/hotel-alp-bovec.com\/wp-content\/uploads\/2019\/03\/Bovec_2018-63.jpg&#8221; background_blend=&#8221;multiply&#8221; global_colors_info=&#8221;{}&#8221;][et_pb_row _builder_version=&#8221;4.16&#8243; width=&#8221;50%&#8221; max_width=&#8221;50%&#8221; use_custom_width=&#8221;on&#8221; width_unit=&#8221;off&#8221; custom_width_percent=&#8221;50%&#8221; global_colors_info=&#8221;{}&#8221;][et_pb_column type=&#8221;4_4&#8243; _builder_version=&#8221;4.16&#8243; background_position=&#8221;top_left&#8221; custom_padding=&#8221;|||&#8221; global_colors_info=&#8221;{}&#8221; custom_padding__hover=&#8221;|||&#8221;][et_pb_cta title=&#8221;VUOI PRENOTARE UNA CAMERA?&#8221; button_url=&#8221;https:\/\/hotel-alp-bovec.com\/it\/camere\/&#8221; button_text=&#8221;PRENOTARE UNA CAMERA&#8221; admin_label=&#8221;Dining &#038; Room Booking CTA&#8221; _builder_version=&#8221;4.16&#8243; header_font=&#8221;|on|||&#8221; header_font_size=&#8221;36&#8243; body_font_size=&#8221;18&#8243; use_background_color=&#8221;off&#8221; custom_button=&#8221;on&#8221; button_font=&#8221;||||||||&#8221; header_font_size_tablet=&#8221;51&#8243; header_line_height_tablet=&#8221;2&#8243; body_font_size_tablet=&#8221;51&#8243; body_line_height_tablet=&#8221;2&#8243; button_text_size_tablet=&#8221;1&#8243; button_letter_spacing_tablet=&#8221;0&#8243; global_colors_info=&#8221;{}&#8221; button_text_size__hover_enabled=&#8221;off&#8221; button_one_text_size__hover_enabled=&#8221;off&#8221; button_two_text_size__hover_enabled=&#8221;off&#8221; button_text_color__hover_enabled=&#8221;off&#8221; button_one_text_color__hover_enabled=&#8221;off&#8221; button_two_text_color__hover_enabled=&#8221;off&#8221; button_border_width__hover_enabled=&#8221;off&#8221; button_one_border_width__hover_enabled=&#8221;off&#8221; button_two_border_width__hover_enabled=&#8221;off&#8221; button_border_color__hover_enabled=&#8221;off&#8221; button_one_border_color__hover_enabled=&#8221;off&#8221; button_two_border_color__hover_enabled=&#8221;off&#8221; button_border_radius__hover_enabled=&#8221;off&#8221; button_one_border_radius__hover_enabled=&#8221;off&#8221; button_two_border_radius__hover_enabled=&#8221;off&#8221; button_letter_spacing__hover_enabled=&#8221;off&#8221; button_one_letter_spacing__hover_enabled=&#8221;off&#8221; button_two_letter_spacing__hover_enabled=&#8221;off&#8221; button_bg_color__hover_enabled=&#8221;off&#8221; button_one_bg_color__hover_enabled=&#8221;off&#8221; button_two_bg_color__hover_enabled=&#8221;off&#8221;][\/et_pb_cta][\/et_pb_column][\/et_pb_row][\/et_pb_section]<\/p>\n","protected":false},"excerpt":{"rendered":"<p>Lasciatevi trasportare dal piacere con dell\u2019ottimo cibo e con la buona compagnia dell\u2019Alp hotel di Bovec. E\u2019 una nostra priorit\u00e0 avvicinare gli ospiti alla cucina locale. Nella nostra offerta di mezza pensione potrete gustare delle migliori pietanze locali, arricchite dalla cucina tradizionale italiana e dal nobile tocco casalingo dei nostri cuochi e delle nostre cuoche. [&hellip;]<\/p>\n","protected":false},"author":1,"featured_media":0,"parent":0,"menu_order":0,"comment_status":"closed","ping_status":"closed","template":"","meta":{"_acf_changed":false,"_et_pb_use_builder":"on","_et_pb_old_content":"","_et_gb_content_width":"","footnotes":""},"class_list":["post-3382","page","type-page","status-publish","hentry"],"acf":[],"yoast_head":"<!-- This site is optimized with the Yoast SEO plugin v27.3 - https:\/\/yoast.com\/product\/yoast-seo-wordpress\/ -->\n<title>Ristorante - Hotel ALP Bovec<\/title>\n<meta name=\"robots\" content=\"index, follow, max-snippet:-1, max-image-preview:large, max-video-preview:-1\" \/>\n<link rel=\"canonical\" href=\"https:\/\/hotel-alp-bovec.com\/it\/ristorante\/\" \/>\n<meta property=\"og:locale\" content=\"it_IT\" \/>\n<meta property=\"og:type\" content=\"article\" \/>\n<meta property=\"og:title\" content=\"Ristorante - Hotel ALP Bovec\" \/>\n<meta property=\"og:description\" content=\"Lasciatevi trasportare dal piacere con dell\u2019ottimo cibo e con la buona compagnia dell\u2019Alp hotel di Bovec. E\u2019 una nostra priorit\u00e0 avvicinare gli ospiti alla cucina locale. Nella nostra offerta di mezza pensione potrete gustare delle migliori pietanze locali, arricchite dalla cucina tradizionale italiana e dal nobile tocco casalingo dei nostri cuochi e delle nostre cuoche. [&hellip;]\" \/>\n<meta property=\"og:url\" content=\"https:\/\/hotel-alp-bovec.com\/it\/ristorante\/\" \/>\n<meta property=\"og:site_name\" content=\"Hotel ALP Bovec\" \/>\n<meta property=\"article:modified_time\" content=\"2025-08-13T12:08:46+00:00\" \/>\n<meta name=\"twitter:card\" content=\"summary_large_image\" \/>\n<meta name=\"twitter:label1\" content=\"Tempo di lettura stimato\" \/>\n\t<meta name=\"twitter:data1\" content=\"2 minuti\" \/>\n<script type=\"application\/ld+json\" class=\"yoast-schema-graph\">{\"@context\":\"https:\\\/\\\/schema.org\",\"@graph\":[{\"@type\":\"WebPage\",\"@id\":\"https:\\\/\\\/hotel-alp-bovec.com\\\/it\\\/ristorante\\\/\",\"url\":\"https:\\\/\\\/hotel-alp-bovec.com\\\/it\\\/ristorante\\\/\",\"name\":\"Ristorante - Hotel ALP Bovec\",\"isPartOf\":{\"@id\":\"https:\\\/\\\/hotel-alp-bovec.com\\\/it\\\/#website\"},\"datePublished\":\"2019-11-26T10:16:23+00:00\",\"dateModified\":\"2025-08-13T12:08:46+00:00\",\"breadcrumb\":{\"@id\":\"https:\\\/\\\/hotel-alp-bovec.com\\\/it\\\/ristorante\\\/#breadcrumb\"},\"inLanguage\":\"it-IT\",\"potentialAction\":[{\"@type\":\"ReadAction\",\"target\":[\"https:\\\/\\\/hotel-alp-bovec.com\\\/it\\\/ristorante\\\/\"]}]},{\"@type\":\"BreadcrumbList\",\"@id\":\"https:\\\/\\\/hotel-alp-bovec.com\\\/it\\\/ristorante\\\/#breadcrumb\",\"itemListElement\":[{\"@type\":\"ListItem\",\"position\":1,\"name\":\"Home\",\"item\":\"https:\\\/\\\/hotel-alp-bovec.com\\\/it\\\/\"},{\"@type\":\"ListItem\",\"position\":2,\"name\":\"Ristorante\"}]},{\"@type\":\"WebSite\",\"@id\":\"https:\\\/\\\/hotel-alp-bovec.com\\\/it\\\/#website\",\"url\":\"https:\\\/\\\/hotel-alp-bovec.com\\\/it\\\/\",\"name\":\"Hotel ALP Bovec\",\"description\":\"\",\"potentialAction\":[{\"@type\":\"SearchAction\",\"target\":{\"@type\":\"EntryPoint\",\"urlTemplate\":\"https:\\\/\\\/hotel-alp-bovec.com\\\/it\\\/?s={search_term_string}\"},\"query-input\":{\"@type\":\"PropertyValueSpecification\",\"valueRequired\":true,\"valueName\":\"search_term_string\"}}],\"inLanguage\":\"it-IT\"}]}<\/script>\n<!-- \/ Yoast SEO plugin. -->","yoast_head_json":{"title":"Ristorante - Hotel ALP Bovec","robots":{"index":"index","follow":"follow","max-snippet":"max-snippet:-1","max-image-preview":"max-image-preview:large","max-video-preview":"max-video-preview:-1"},"canonical":"https:\/\/hotel-alp-bovec.com\/it\/ristorante\/","og_locale":"it_IT","og_type":"article","og_title":"Ristorante - Hotel ALP Bovec","og_description":"Lasciatevi trasportare dal piacere con dell\u2019ottimo cibo e con la buona compagnia dell\u2019Alp hotel di Bovec. E\u2019 una nostra priorit\u00e0 avvicinare gli ospiti alla cucina locale. Nella nostra offerta di mezza pensione potrete gustare delle migliori pietanze locali, arricchite dalla cucina tradizionale italiana e dal nobile tocco casalingo dei nostri cuochi e delle nostre cuoche. [&hellip;]","og_url":"https:\/\/hotel-alp-bovec.com\/it\/ristorante\/","og_site_name":"Hotel ALP Bovec","article_modified_time":"2025-08-13T12:08:46+00:00","twitter_card":"summary_large_image","twitter_misc":{"Tempo di lettura stimato":"2 minuti"},"schema":{"@context":"https:\/\/schema.org","@graph":[{"@type":"WebPage","@id":"https:\/\/hotel-alp-bovec.com\/it\/ristorante\/","url":"https:\/\/hotel-alp-bovec.com\/it\/ristorante\/","name":"Ristorante - Hotel ALP Bovec","isPartOf":{"@id":"https:\/\/hotel-alp-bovec.com\/it\/#website"},"datePublished":"2019-11-26T10:16:23+00:00","dateModified":"2025-08-13T12:08:46+00:00","breadcrumb":{"@id":"https:\/\/hotel-alp-bovec.com\/it\/ristorante\/#breadcrumb"},"inLanguage":"it-IT","potentialAction":[{"@type":"ReadAction","target":["https:\/\/hotel-alp-bovec.com\/it\/ristorante\/"]}]},{"@type":"BreadcrumbList","@id":"https:\/\/hotel-alp-bovec.com\/it\/ristorante\/#breadcrumb","itemListElement":[{"@type":"ListItem","position":1,"name":"Home","item":"https:\/\/hotel-alp-bovec.com\/it\/"},{"@type":"ListItem","position":2,"name":"Ristorante"}]},{"@type":"WebSite","@id":"https:\/\/hotel-alp-bovec.com\/it\/#website","url":"https:\/\/hotel-alp-bovec.com\/it\/","name":"Hotel ALP Bovec","description":"","potentialAction":[{"@type":"SearchAction","target":{"@type":"EntryPoint","urlTemplate":"https:\/\/hotel-alp-bovec.com\/it\/?s={search_term_string}"},"query-input":{"@type":"PropertyValueSpecification","valueRequired":true,"valueName":"search_term_string"}}],"inLanguage":"it-IT"}]}},"_links":{"self":[{"href":"https:\/\/hotel-alp-bovec.com\/it\/wp-json\/wp\/v2\/pages\/3382","targetHints":{"allow":["GET"]}}],"collection":[{"href":"https:\/\/hotel-alp-bovec.com\/it\/wp-json\/wp\/v2\/pages"}],"about":[{"href":"https:\/\/hotel-alp-bovec.com\/it\/wp-json\/wp\/v2\/types\/page"}],"author":[{"embeddable":true,"href":"https:\/\/hotel-alp-bovec.com\/it\/wp-json\/wp\/v2\/users\/1"}],"replies":[{"embeddable":true,"href":"https:\/\/hotel-alp-bovec.com\/it\/wp-json\/wp\/v2\/comments?post=3382"}],"version-history":[{"count":2,"href":"https:\/\/hotel-alp-bovec.com\/it\/wp-json\/wp\/v2\/pages\/3382\/revisions"}],"predecessor-version":[{"id":26905,"href":"https:\/\/hotel-alp-bovec.com\/it\/wp-json\/wp\/v2\/pages\/3382\/revisions\/26905"}],"wp:attachment":[{"href":"https:\/\/hotel-alp-bovec.com\/it\/wp-json\/wp\/v2\/media?parent=3382"}],"curies":[{"name":"wp","href":"https:\/\/api.w.org\/{rel}","templated":true}]}}