{"id":2490,"date":"2019-06-24T09:25:05","date_gmt":"2019-06-24T09:25:05","guid":{"rendered":"https:\/\/hotel-alp-bovec.com\/sala-conferenze\/"},"modified":"2024-12-19T09:23:58","modified_gmt":"2024-12-19T08:23:58","slug":"sala-conferenze","status":"publish","type":"page","link":"https:\/\/hotel-alp-bovec.com\/it\/sala-conferenze\/","title":{"rendered":"Sala conferenze"},"content":{"rendered":"<p>[et_pb_section fb_built=&#8221;1&#8243; fullwidth=&#8221;on&#8221; _builder_version=&#8221;4.16&#8243; global_colors_info=&#8221;{}&#8221;][et_pb_fullwidth_header title=&#8221;SALA CONFERENZE&#8221; subhead=&#8221;Business con vista panoramica sulle Alpi Giulie&#8221; button_one_text=&#8221;Listino prezzi&#8221; button_one_url=&#8221;https:\/\/hotel-alp-bovec.com\/it\/listino-prezzi\/?lang=it#sejna-soba&#8221; button_two_text=&#8221;Invia richiesta&#8221; button_two_url=&#8221;#contatto&#8221; background_overlay_color=&#8221;rgba(0,0,0,0.5)&#8221; scroll_down_icon_size_tablet=&#8221;50&#8243; admin_label=&#8221;Hotel ALP Fullwidth Header&#8221; _builder_version=&#8221;4.27.4&#8243; title_font=&#8221;|on|||&#8221; title_font_size=&#8221;46px&#8221; subhead_font=&#8221;||||||||&#8221; subhead_font_size=&#8221;21px&#8221; background_color=&#8221;rgba(255,255,255,0)&#8221; background_image=&#8221;https:\/\/hotel-alp-bovec.com\/wp-content\/uploads\/2023\/01\/Sejna-soba-1.jpg&#8221; custom_button_one=&#8221;on&#8221; button_one_text_color=&#8221;#ffffff&#8221; custom_button_two=&#8221;on&#8221; button_two_text_color=&#8221;#ffffff&#8221; button_two_font=&#8221;||||||||&#8221; hover_enabled=&#8221;0&#8243; subhead_font_size_tablet=&#8221;51&#8243; button_one_text_size_tablet=&#8221;1&#8243; button_one_letter_spacing_tablet=&#8221;0&#8243; button_two_text_size_tablet=&#8221;1&#8243; button_two_letter_spacing_tablet=&#8221;0&#8243; global_colors_info=&#8221;{}&#8221; button_one_text_size__hover_enabled=&#8221;off&#8221; button_two_text_size__hover_enabled=&#8221;off&#8221; button_one_text_color__hover_enabled=&#8221;off&#8221; button_two_text_color__hover_enabled=&#8221;off&#8221; button_one_border_width__hover_enabled=&#8221;off&#8221; button_two_border_width__hover_enabled=&#8221;off&#8221; button_one_border_color__hover_enabled=&#8221;off&#8221; button_two_border_color__hover_enabled=&#8221;off&#8221; button_one_border_radius__hover_enabled=&#8221;off&#8221; button_two_border_radius__hover_enabled=&#8221;off&#8221; button_one_letter_spacing__hover_enabled=&#8221;off&#8221; button_two_letter_spacing__hover_enabled=&#8221;off&#8221; button_one_bg_color__hover_enabled=&#8221;off&#8221; button_two_bg_color__hover_enabled=&#8221;off&#8221; title_text=&#8221;Sejna soba 1&#8243; sticky_enabled=&#8221;0&#8243;][\/et_pb_fullwidth_header][\/et_pb_section][et_pb_section fb_built=&#8221;1&#8243; admin_label=&#8221;Seminarji&#8221; _builder_version=&#8221;4.16&#8243; background_color=&#8221;#f2f2f2&#8243; custom_margin=&#8221;||&#8221; custom_padding=&#8221;||&#8221; global_colors_info=&#8221;{}&#8221;][et_pb_row column_structure=&#8221;3_5,2_5&#8243; _builder_version=&#8221;4.16&#8243; global_colors_info=&#8221;{}&#8221;][et_pb_column type=&#8221;3_5&#8243; _builder_version=&#8221;4.16&#8243; custom_padding=&#8221;|||&#8221; custom_css_after=&#8221;z-index: 10;&#8221; global_colors_info=&#8221;{}&#8221; custom_padding__hover=&#8221;|||&#8221;][et_pb_slider _builder_version=&#8221;4.27.4&#8243; custom_padding=&#8221;||500px&#8221; hover_enabled=&#8221;0&#8243; global_colors_info=&#8221;{}&#8221; sticky_enabled=&#8221;0&#8243;][et_pb_slide _builder_version=&#8221;4.27.4&#8243; background_image=&#8221;https:\/\/hotel-alp-bovec.com\/wp-content\/uploads\/2023\/01\/Sejna-soba-1.jpg&#8221; custom_padding=&#8221;||250px&#8221; hover_enabled=&#8221;0&#8243; global_colors_info=&#8221;{}&#8221; sticky_transition=&#8221;on&#8221; title_text=&#8221;Sejna soba 1&#8243; background_enable_image=&#8221;on&#8221; sticky_enabled=&#8221;0&#8243;][\/et_pb_slide][et_pb_slide _builder_version=&#8221;4.27.4&#8243; background_image=&#8221;https:\/\/hotel-alp-bovec.com\/wp-content\/uploads\/2023\/01\/Sejna-soba-2.jpg&#8221; hover_enabled=&#8221;0&#8243; global_colors_info=&#8221;{}&#8221; sticky_transition=&#8221;on&#8221; title_text=&#8221;Sejna soba 2&#8243; background_enable_image=&#8221;on&#8221; sticky_enabled=&#8221;0&#8243;][\/et_pb_slide][\/et_pb_slider][\/et_pb_column][et_pb_column type=&#8221;2_5&#8243; _builder_version=&#8221;4.16&#8243; custom_padding=&#8221;|||&#8221; custom_css_after=&#8221;z-index: 12;&#8221; global_colors_info=&#8221;{}&#8221; custom_padding__hover=&#8221;|||&#8221;][et_pb_text _builder_version=&#8221;4.16&#8243; header_font=&#8221;||||||||&#8221; header_3_font=&#8221;Playfair Display|700||on|||||&#8221; header_3_font_size=&#8221;26px&#8221; header_3_line_height=&#8221;1.2em&#8221; custom_margin=&#8221;-30px|||-30px&#8221; custom_padding=&#8221;60px|60px|60px|60px&#8221; box_shadow_style=&#8221;preset2&#8243; box_shadow_horizontal=&#8221;0px&#8221; box_shadow_vertical=&#8221;2px&#8221; global_colors_info=&#8221;{}&#8221;]<\/p>\n<h3>BUSINESS CON VISTA PANORAMICA SULLE ALPI GIULIE<\/h3>\n<p>Conferenza d&#8217;affari? Evento dei dipendenti? Formazione scolastica? E&#8217; possibile affittare la sala conferenze \u2013 sala per seminari. Usufruite delle nostre opportunit\u00e0 per preparare una sala congressi di alto livello. Scegliete tra diverse possibilit\u00e0 di arredamento per preparare un incontro di business di successo.<\/p>\n<p>Tra le varie possibilit\u00e0 offriamo una sala congressi arredata con posizionamento di tavoli e sedie a seconda delle vostre esigenze, l\u2019uso del proiettore e della tela, l\u2019uso del microfono per congressi,l\u2019uso del flip chart e della connessione WiFi. Di pi\u00f9! Saremo felici di organizzare e preparare per voi diverse pause caff\u00e8, pranzi e altri tipi di banchetti come il banchetto per la celebrazione conclusiva. \u00c8 possibile richiedere anche la musica dal vivo.<\/p>\n<p>Inoltre saremo felici di organizzarvi anche degli eventi di TEAM BUILDING e di attivit\u00e0 sportive come corse sulla teleferica (zipline), rafting, kayak e molte altre attivit\u00e0 presenti nella valle di Bovec. Non solo saremo al vostro completo servizio, ma lo saremo anche per i vostri dipendenti e per i vostri parter.<\/p>\n<p>Venite a scoprire il fascino che si cela negli eventi aziendali che si svolgono nella Valle dell&#8217;Isonzo.<\/p>\n<p>[\/et_pb_text][\/et_pb_column][\/et_pb_row][et_pb_row module_id=&#8221;kontakt&#8221; _builder_version=&#8221;4.16&#8243; global_colors_info=&#8221;{}&#8221;][et_pb_column type=&#8221;4_4&#8243; _builder_version=&#8221;4.16&#8243; custom_padding=&#8221;|||&#8221; global_colors_info=&#8221;{}&#8221; custom_padding__hover=&#8221;|||&#8221;][et_pb_text _builder_version=&#8221;4.16&#8243; header_font=&#8221;Playfair Display||||||||&#8221; global_colors_info=&#8221;{}&#8221;]<\/p>\n<h1><strong>Richiesta<\/strong><\/h1>\n<p>[\/et_pb_text][et_pb_contact_form captcha=&#8221;off&#8221; email=&#8221;info@hotel-alp-bovec.com&#8221; success_message=&#8221;Grazie per aver inviato la tua richiesta. Noi faremo sapere sulle opzioni pi\u00f9 breve tempo possibile.&#8221; submit_button_text=&#8221;Invia richiesta&#8221; _builder_version=&#8221;4.16&#8243; _unique_id=&#8221;0ffca69e-f358-4d2a-b3df-f2c2e097ab01&#8243; custom_button=&#8221;on&#8221; button_text_color=&#8221;#d8b570&#8243; button_font=&#8221;||||||||&#8221; global_colors_info=&#8221;{}&#8221;][et_pb_contact_field field_id=&#8221;Name&#8221; field_title=&#8221;Nome e Cognome&#8221; fullwidth_field=&#8221;on&#8221; _builder_version=&#8221;4.16&#8243; global_colors_info=&#8221;{}&#8221; button_text_size__hover_enabled=&#8221;off&#8221; button_one_text_size__hover_enabled=&#8221;off&#8221; button_two_text_size__hover_enabled=&#8221;off&#8221; button_text_color__hover_enabled=&#8221;off&#8221; button_one_text_color__hover_enabled=&#8221;off&#8221; button_two_text_color__hover_enabled=&#8221;off&#8221; button_border_width__hover_enabled=&#8221;off&#8221; button_one_border_width__hover_enabled=&#8221;off&#8221; button_two_border_width__hover_enabled=&#8221;off&#8221; button_border_color__hover_enabled=&#8221;off&#8221; button_one_border_color__hover_enabled=&#8221;off&#8221; button_two_border_color__hover_enabled=&#8221;off&#8221; button_border_radius__hover_enabled=&#8221;off&#8221; button_one_border_radius__hover_enabled=&#8221;off&#8221; button_two_border_radius__hover_enabled=&#8221;off&#8221; button_letter_spacing__hover_enabled=&#8221;off&#8221; button_one_letter_spacing__hover_enabled=&#8221;off&#8221; button_two_letter_spacing__hover_enabled=&#8221;off&#8221; button_bg_color__hover_enabled=&#8221;off&#8221; button_one_bg_color__hover_enabled=&#8221;off&#8221; button_two_bg_color__hover_enabled=&#8221;off&#8221;][\/et_pb_contact_field][et_pb_contact_field field_id=&#8221;Email&#8221; field_title=&#8221;La vostra e-mail&#8221; field_type=&#8221;email&#8221; _builder_version=&#8221;4.16&#8243; global_colors_info=&#8221;{}&#8221; button_text_size__hover_enabled=&#8221;off&#8221; button_one_text_size__hover_enabled=&#8221;off&#8221; button_two_text_size__hover_enabled=&#8221;off&#8221; button_text_color__hover_enabled=&#8221;off&#8221; button_one_text_color__hover_enabled=&#8221;off&#8221; button_two_text_color__hover_enabled=&#8221;off&#8221; button_border_width__hover_enabled=&#8221;off&#8221; button_one_border_width__hover_enabled=&#8221;off&#8221; button_two_border_width__hover_enabled=&#8221;off&#8221; button_border_color__hover_enabled=&#8221;off&#8221; button_one_border_color__hover_enabled=&#8221;off&#8221; button_two_border_color__hover_enabled=&#8221;off&#8221; button_border_radius__hover_enabled=&#8221;off&#8221; button_one_border_radius__hover_enabled=&#8221;off&#8221; button_two_border_radius__hover_enabled=&#8221;off&#8221; button_letter_spacing__hover_enabled=&#8221;off&#8221; button_one_letter_spacing__hover_enabled=&#8221;off&#8221; button_two_letter_spacing__hover_enabled=&#8221;off&#8221; button_bg_color__hover_enabled=&#8221;off&#8221; button_one_bg_color__hover_enabled=&#8221;off&#8221; button_two_bg_color__hover_enabled=&#8221;off&#8221;][\/et_pb_contact_field][et_pb_contact_field field_id=&#8221;Telefon&#8221; field_title=&#8221;Telefono&#8221; _builder_version=&#8221;4.16&#8243; global_colors_info=&#8221;{}&#8221;][\/et_pb_contact_field][et_pb_contact_field field_id=&#8221;Message&#8221; field_title=&#8221;Messaggio&#8221; field_type=&#8221;text&#8221; fullwidth_field=&#8221;on&#8221; _builder_version=&#8221;4.16&#8243; global_colors_info=&#8221;{}&#8221; button_text_size__hover_enabled=&#8221;off&#8221; button_one_text_size__hover_enabled=&#8221;off&#8221; button_two_text_size__hover_enabled=&#8221;off&#8221; button_text_color__hover_enabled=&#8221;off&#8221; button_one_text_color__hover_enabled=&#8221;off&#8221; button_two_text_color__hover_enabled=&#8221;off&#8221; button_border_width__hover_enabled=&#8221;off&#8221; button_one_border_width__hover_enabled=&#8221;off&#8221; button_two_border_width__hover_enabled=&#8221;off&#8221; button_border_color__hover_enabled=&#8221;off&#8221; button_one_border_color__hover_enabled=&#8221;off&#8221; button_two_border_color__hover_enabled=&#8221;off&#8221; button_border_radius__hover_enabled=&#8221;off&#8221; button_one_border_radius__hover_enabled=&#8221;off&#8221; button_two_border_radius__hover_enabled=&#8221;off&#8221; button_letter_spacing__hover_enabled=&#8221;off&#8221; button_one_letter_spacing__hover_enabled=&#8221;off&#8221; button_two_letter_spacing__hover_enabled=&#8221;off&#8221; button_bg_color__hover_enabled=&#8221;off&#8221; button_one_bg_color__hover_enabled=&#8221;off&#8221; button_two_bg_color__hover_enabled=&#8221;off&#8221;][\/et_pb_contact_field][\/et_pb_contact_form][\/et_pb_column][\/et_pb_row][\/et_pb_section][et_pb_section fb_built=&#8221;1&#8243; _builder_version=&#8221;4.16&#8243; background_color=&#8221;#d8b570&#8243; custom_padding=&#8221;0px|0px|0px|0px&#8221; global_colors_info=&#8221;{}&#8221;][et_pb_row module_class=&#8221; et_pb_row_fullwidth&#8221; _builder_version=&#8221;4.16&#8243; width=&#8221;89%&#8221; width_tablet=&#8221;80%&#8221; width_phone=&#8221;&#8221; width_last_edited=&#8221;on|desktop&#8221; max_width=&#8221;89%&#8221; max_width_tablet=&#8221;80%&#8221; max_width_phone=&#8221;&#8221; max_width_last_edited=&#8221;on|desktop&#8221; make_fullwidth=&#8221;on&#8221; global_colors_info=&#8221;{}&#8221;][et_pb_column type=&#8221;4_4&#8243; _builder_version=&#8221;4.16&#8243; background_position=&#8221;top_left&#8221; custom_padding=&#8221;|||&#8221; global_colors_info=&#8221;{}&#8221; custom_padding__hover=&#8221;|||&#8221;][et_pb_text admin_label=&#8221;Spodnja pasica&#8221; _builder_version=&#8221;4.16&#8243; text_font=&#8221;|on|on||&#8221; text_orientation=&#8221;center&#8221; background_layout=&#8221;dark&#8221; module_alignment=&#8221;center&#8221; text_font_size_tablet=&#8221;51&#8243; text_line_height_tablet=&#8221;2&#8243; header_font_size_tablet=&#8221;51&#8243; header_line_height_tablet=&#8221;2&#8243; global_colors_info=&#8221;{}&#8221;]Prenotazioni: <a style=\"color: white;\" href=\"mailto:info@hotel-alp-bovec.com\"><i class=\"fa fa-envelope\" title=\"Kontakt\"><\/i> info@hotel-alp-bovec.com<\/a>\u00a0\u00a0<a style=\"color: white;\" href=\"tel0038653884000\"><i class=\"fa fa-phone\" title=\"Pokli\u010dite nas\"><\/i> +386 5 38 84 000<\/a>[\/et_pb_text][\/et_pb_column][\/et_pb_row][\/et_pb_section][et_pb_section fb_built=&#8221;1&#8243; _builder_version=&#8221;4.16&#8243; background_color=&#8221;rgba(23,23,32,0.7)&#8221; background_image=&#8221;https:\/\/hotel-alp-bovec.com\/wp-content\/uploads\/2019\/03\/Bovec_2018-63.jpg&#8221; background_blend=&#8221;multiply&#8221; global_colors_info=&#8221;{}&#8221;][et_pb_row _builder_version=&#8221;4.16&#8243; width=&#8221;50%&#8221; max_width=&#8221;50%&#8221; use_custom_width=&#8221;on&#8221; width_unit=&#8221;off&#8221; custom_width_percent=&#8221;50%&#8221; global_colors_info=&#8221;{}&#8221;][et_pb_column type=&#8221;4_4&#8243; _builder_version=&#8221;4.16&#8243; background_position=&#8221;top_left&#8221; custom_padding=&#8221;|||&#8221; global_colors_info=&#8221;{}&#8221; custom_padding__hover=&#8221;|||&#8221;][et_pb_cta title=&#8221;VUOI PRENOTARE UNA CAMERA?&#8221; button_url=&#8221;https:\/\/hotel-alp-bovec.com\/it\/camere\/&#8221; button_text=&#8221;PRENOTARE UNA CAMERA&#8221; admin_label=&#8221;Booking CTA&#8221; _builder_version=&#8221;4.16&#8243; header_font=&#8221;|on|||&#8221; header_font_size=&#8221;36&#8243; body_font_size=&#8221;18&#8243; use_background_color=&#8221;off&#8221; custom_button=&#8221;on&#8221; button_font=&#8221;||||||||&#8221; header_font_size_tablet=&#8221;51&#8243; header_line_height_tablet=&#8221;2&#8243; body_font_size_tablet=&#8221;51&#8243; body_line_height_tablet=&#8221;2&#8243; button_text_size_tablet=&#8221;1&#8243; button_letter_spacing_tablet=&#8221;0&#8243; global_colors_info=&#8221;{}&#8221; button_text_size__hover_enabled=&#8221;off&#8221; button_one_text_size__hover_enabled=&#8221;off&#8221; button_two_text_size__hover_enabled=&#8221;off&#8221; button_text_color__hover_enabled=&#8221;off&#8221; button_one_text_color__hover_enabled=&#8221;off&#8221; button_two_text_color__hover_enabled=&#8221;off&#8221; button_border_width__hover_enabled=&#8221;off&#8221; button_one_border_width__hover_enabled=&#8221;off&#8221; button_two_border_width__hover_enabled=&#8221;off&#8221; button_border_color__hover_enabled=&#8221;off&#8221; button_one_border_color__hover_enabled=&#8221;off&#8221; button_two_border_color__hover_enabled=&#8221;off&#8221; button_border_radius__hover_enabled=&#8221;off&#8221; button_one_border_radius__hover_enabled=&#8221;off&#8221; button_two_border_radius__hover_enabled=&#8221;off&#8221; button_letter_spacing__hover_enabled=&#8221;off&#8221; button_one_letter_spacing__hover_enabled=&#8221;off&#8221; button_two_letter_spacing__hover_enabled=&#8221;off&#8221; button_bg_color__hover_enabled=&#8221;off&#8221; button_one_bg_color__hover_enabled=&#8221;off&#8221; button_two_bg_color__hover_enabled=&#8221;off&#8221;][\/et_pb_cta][\/et_pb_column][\/et_pb_row][\/et_pb_section][et_pb_section fb_built=&#8221;1&#8243; fullwidth=&#8221;on&#8221; _builder_version=&#8221;4.16&#8243; global_colors_info=&#8221;{}&#8221;][\/et_pb_section]<\/p>\n","protected":false},"excerpt":{"rendered":"<p>BUSINESS CON VISTA PANORAMICA SULLE ALPI GIULIE Conferenza d&#8217;affari? Evento dei dipendenti? Formazione scolastica? E&#8217; possibile affittare la sala conferenze \u2013 sala per seminari. Usufruite delle nostre opportunit\u00e0 per preparare una sala congressi di alto livello. Scegliete tra diverse possibilit\u00e0 di arredamento per preparare un incontro di business di successo. Tra le varie possibilit\u00e0 offriamo [&hellip;]<\/p>\n","protected":false},"author":1,"featured_media":0,"parent":0,"menu_order":0,"comment_status":"closed","ping_status":"closed","template":"","meta":{"_acf_changed":false,"_et_pb_use_builder":"on","_et_pb_old_content":"","_et_gb_content_width":"","footnotes":""},"class_list":["post-2490","page","type-page","status-publish","hentry"],"acf":[],"yoast_head":"<!-- This site is optimized with the Yoast SEO plugin v27.3 - https:\/\/yoast.com\/product\/yoast-seo-wordpress\/ -->\n<title>Sala conferenze - Hotel ALP Bovec<\/title>\n<meta name=\"robots\" content=\"index, follow, max-snippet:-1, max-image-preview:large, max-video-preview:-1\" \/>\n<link rel=\"canonical\" href=\"https:\/\/hotel-alp-bovec.com\/it\/sala-conferenze\/\" \/>\n<meta property=\"og:locale\" content=\"it_IT\" \/>\n<meta property=\"og:type\" content=\"article\" \/>\n<meta property=\"og:title\" content=\"Sala conferenze - Hotel ALP Bovec\" \/>\n<meta property=\"og:description\" content=\"BUSINESS CON VISTA PANORAMICA SULLE ALPI GIULIE Conferenza d&#039;affari? Evento dei dipendenti? Formazione scolastica? E&#039; possibile affittare la sala conferenze \u2013 sala per seminari. Usufruite delle nostre opportunit\u00e0 per preparare una sala congressi di alto livello. Scegliete tra diverse possibilit\u00e0 di arredamento per preparare un incontro di business di successo. Tra le varie possibilit\u00e0 offriamo [&hellip;]\" \/>\n<meta property=\"og:url\" content=\"https:\/\/hotel-alp-bovec.com\/it\/sala-conferenze\/\" \/>\n<meta property=\"og:site_name\" content=\"Hotel ALP Bovec\" \/>\n<meta property=\"article:modified_time\" content=\"2024-12-19T08:23:58+00:00\" \/>\n<meta name=\"twitter:card\" content=\"summary_large_image\" \/>\n<meta name=\"twitter:label1\" content=\"Tempo di lettura stimato\" \/>\n\t<meta name=\"twitter:data1\" content=\"9 minuti\" \/>\n<script type=\"application\/ld+json\" class=\"yoast-schema-graph\">{\"@context\":\"https:\\\/\\\/schema.org\",\"@graph\":[{\"@type\":\"WebPage\",\"@id\":\"https:\\\/\\\/hotel-alp-bovec.com\\\/it\\\/sala-conferenze\\\/\",\"url\":\"https:\\\/\\\/hotel-alp-bovec.com\\\/it\\\/sala-conferenze\\\/\",\"name\":\"Sala conferenze - Hotel ALP Bovec\",\"isPartOf\":{\"@id\":\"https:\\\/\\\/hotel-alp-bovec.com\\\/it\\\/#website\"},\"datePublished\":\"2019-06-24T09:25:05+00:00\",\"dateModified\":\"2024-12-19T08:23:58+00:00\",\"breadcrumb\":{\"@id\":\"https:\\\/\\\/hotel-alp-bovec.com\\\/it\\\/sala-conferenze\\\/#breadcrumb\"},\"inLanguage\":\"it-IT\",\"potentialAction\":[{\"@type\":\"ReadAction\",\"target\":[\"https:\\\/\\\/hotel-alp-bovec.com\\\/it\\\/sala-conferenze\\\/\"]}]},{\"@type\":\"BreadcrumbList\",\"@id\":\"https:\\\/\\\/hotel-alp-bovec.com\\\/it\\\/sala-conferenze\\\/#breadcrumb\",\"itemListElement\":[{\"@type\":\"ListItem\",\"position\":1,\"name\":\"Home\",\"item\":\"https:\\\/\\\/hotel-alp-bovec.com\\\/it\\\/\"},{\"@type\":\"ListItem\",\"position\":2,\"name\":\"Sala conferenze\"}]},{\"@type\":\"WebSite\",\"@id\":\"https:\\\/\\\/hotel-alp-bovec.com\\\/it\\\/#website\",\"url\":\"https:\\\/\\\/hotel-alp-bovec.com\\\/it\\\/\",\"name\":\"Hotel ALP Bovec\",\"description\":\"\",\"potentialAction\":[{\"@type\":\"SearchAction\",\"target\":{\"@type\":\"EntryPoint\",\"urlTemplate\":\"https:\\\/\\\/hotel-alp-bovec.com\\\/it\\\/?s={search_term_string}\"},\"query-input\":{\"@type\":\"PropertyValueSpecification\",\"valueRequired\":true,\"valueName\":\"search_term_string\"}}],\"inLanguage\":\"it-IT\"}]}<\/script>\n<!-- \/ Yoast SEO plugin. -->","yoast_head_json":{"title":"Sala conferenze - Hotel ALP Bovec","robots":{"index":"index","follow":"follow","max-snippet":"max-snippet:-1","max-image-preview":"max-image-preview:large","max-video-preview":"max-video-preview:-1"},"canonical":"https:\/\/hotel-alp-bovec.com\/it\/sala-conferenze\/","og_locale":"it_IT","og_type":"article","og_title":"Sala conferenze - Hotel ALP Bovec","og_description":"BUSINESS CON VISTA PANORAMICA SULLE ALPI GIULIE Conferenza d'affari? Evento dei dipendenti? Formazione scolastica? E' possibile affittare la sala conferenze \u2013 sala per seminari. Usufruite delle nostre opportunit\u00e0 per preparare una sala congressi di alto livello. Scegliete tra diverse possibilit\u00e0 di arredamento per preparare un incontro di business di successo. Tra le varie possibilit\u00e0 offriamo [&hellip;]","og_url":"https:\/\/hotel-alp-bovec.com\/it\/sala-conferenze\/","og_site_name":"Hotel ALP Bovec","article_modified_time":"2024-12-19T08:23:58+00:00","twitter_card":"summary_large_image","twitter_misc":{"Tempo di lettura stimato":"9 minuti"},"schema":{"@context":"https:\/\/schema.org","@graph":[{"@type":"WebPage","@id":"https:\/\/hotel-alp-bovec.com\/it\/sala-conferenze\/","url":"https:\/\/hotel-alp-bovec.com\/it\/sala-conferenze\/","name":"Sala conferenze - Hotel ALP Bovec","isPartOf":{"@id":"https:\/\/hotel-alp-bovec.com\/it\/#website"},"datePublished":"2019-06-24T09:25:05+00:00","dateModified":"2024-12-19T08:23:58+00:00","breadcrumb":{"@id":"https:\/\/hotel-alp-bovec.com\/it\/sala-conferenze\/#breadcrumb"},"inLanguage":"it-IT","potentialAction":[{"@type":"ReadAction","target":["https:\/\/hotel-alp-bovec.com\/it\/sala-conferenze\/"]}]},{"@type":"BreadcrumbList","@id":"https:\/\/hotel-alp-bovec.com\/it\/sala-conferenze\/#breadcrumb","itemListElement":[{"@type":"ListItem","position":1,"name":"Home","item":"https:\/\/hotel-alp-bovec.com\/it\/"},{"@type":"ListItem","position":2,"name":"Sala conferenze"}]},{"@type":"WebSite","@id":"https:\/\/hotel-alp-bovec.com\/it\/#website","url":"https:\/\/hotel-alp-bovec.com\/it\/","name":"Hotel ALP Bovec","description":"","potentialAction":[{"@type":"SearchAction","target":{"@type":"EntryPoint","urlTemplate":"https:\/\/hotel-alp-bovec.com\/it\/?s={search_term_string}"},"query-input":{"@type":"PropertyValueSpecification","valueRequired":true,"valueName":"search_term_string"}}],"inLanguage":"it-IT"}]}},"_links":{"self":[{"href":"https:\/\/hotel-alp-bovec.com\/it\/wp-json\/wp\/v2\/pages\/2490","targetHints":{"allow":["GET"]}}],"collection":[{"href":"https:\/\/hotel-alp-bovec.com\/it\/wp-json\/wp\/v2\/pages"}],"about":[{"href":"https:\/\/hotel-alp-bovec.com\/it\/wp-json\/wp\/v2\/types\/page"}],"author":[{"embeddable":true,"href":"https:\/\/hotel-alp-bovec.com\/it\/wp-json\/wp\/v2\/users\/1"}],"replies":[{"embeddable":true,"href":"https:\/\/hotel-alp-bovec.com\/it\/wp-json\/wp\/v2\/comments?post=2490"}],"version-history":[{"count":3,"href":"https:\/\/hotel-alp-bovec.com\/it\/wp-json\/wp\/v2\/pages\/2490\/revisions"}],"predecessor-version":[{"id":25925,"href":"https:\/\/hotel-alp-bovec.com\/it\/wp-json\/wp\/v2\/pages\/2490\/revisions\/25925"}],"wp:attachment":[{"href":"https:\/\/hotel-alp-bovec.com\/it\/wp-json\/wp\/v2\/media?parent=2490"}],"curies":[{"name":"wp","href":"https:\/\/api.w.org\/{rel}","templated":true}]}}